{"id":1432,"date":"2023-06-19T15:52:35","date_gmt":"2023-06-19T19:52:35","guid":{"rendered":"https:\/\/trajetoja.org\/nous-joindre\/"},"modified":"2026-03-25T11:30:17","modified_gmt":"2026-03-25T15:30:17","slug":"contact-us","status":"publish","type":"page","link":"https:\/\/trajetoja.org\/en\/contact-us\/","title":{"rendered":"Contact us"},"content":{"rendered":"\n<p><\/p>\n\n\n\n<h4 class=\"wp-block-heading has-primary-color has-text-color\"><strong><mark style=\"background-color:#6e095f\" class=\"has-inline-color has-light-color\">CONTACT INFORMATION<\/mark><\/strong><\/h4>\n\n\n\n<div class=\"wp-block-columns is-layout-flex wp-container-3\">\n<div class=\"wp-block-column is-layout-flow\">\n<p><\/p>\n\n\n\n<h6 class=\"wp-block-heading has-primary-color has-text-color\">3566, B\u00e9langer street<\/h6>\n\n\n\n<h6 class=\"wp-block-heading has-primary-color has-text-color\">Montr\u00e9al (Qu\u00e9bec) H1X 1A7<\/h6>\n\n\n\n<iframe src=\"https:\/\/www.google.com\/maps\/embed?pb=!1m18!1m12!1m3!1d2793.525334952448!2d-73.59407708818361!3d45.55987337095505!2m3!1f0!2f0!3f0!3m2!1i1024!2i768!4f13.1!3m3!1m2!1s0x4cc91eb3799f0acb%3A0x55c107f9db0cb7c8!2sTrajet%20OJA%20(Organisme%20De%20Justice%20Alternative)!5e0!3m2!1sen!2sca!4v1687271953263!5m2!1sen!2sca\" width=\"100%\" height=\"450\" style=\"border:0;\" allowfullscreen=\"\" loading=\"lazy\" referrerpolicy=\"no-referrer-when-downgrade\"><\/iframe>\n<\/div>\n\n\n\n<div class=\"wp-block-column is-layout-flow\">\n<h6 class=\"wp-block-heading has-text-align-left has-primary-color has-text-color\">6600, Transcanadienne, Suite 206 <\/h6>\n\n\n\n<h6 class=\"wp-block-heading has-text-align-left has-primary-color has-text-color\">Pointe-Claire (Qu\u00e9bec) H9R 4S2<\/h6>\n\n\n\n<iframe src=\"https:\/\/www.google.com\/maps\/embed?pb=!1m14!1m8!1m3!1d2798.3798199873586!2d-73.8304712!3d45.4621522!3m2!1i1024!2i768!4f13.1!3m3!1m2!1s0x4cc93da97f26f957%3A0x30edfd9370a8b6d8!2sTrajet%20OJA%20(Ouest%20de%20l&#39;Ile%20de%20Montr%C3%A9al)!5e0!3m2!1sfr!2sca!4v1770759641248!5m2!1sfr!2sca\" width=\"600\" height=\"450\" style=\"border:0;\" allowfullscreen=\"\" loading=\"lazy\" referrerpolicy=\"no-referrer-when-downgrade\"><\/iframe>\n<\/div>\n<\/div>\n\n\n\n<h6 class=\"wp-block-heading has-primary-color has-text-color\">Telephone : (514) 521-2000<\/h6>\n\n\n\n<h6 class=\"wp-block-heading has-primary-color has-text-color\">Fax : (514) 521-1166<\/h6>\n\n\n\n<h6 class=\"wp-block-heading has-primary-color has-text-color\">Email : info@trajetoja.org<\/h6>\n\n\n\n<div style=\"height:53px\" aria-hidden=\"true\" class=\"wp-block-spacer\"><\/div>\n\n\n\n<div class=\"wp-block-columns is-layout-flex wp-container-21\">\n<div class=\"wp-block-column is-layout-flow\">\n<h4 class=\"wp-block-heading has-cyan-bluish-gray-color has-text-color\">Southeast Sector<\/h4>\n\n\n\n<h4 class=\"wp-block-heading has-primary-color has-text-color\"><strong>Youth Alternative Justice workers<\/strong><\/h4>\n\n\n\n<div class=\"wp-block-group is-layout-constrained\">\n<div style=\"height:29px\" aria-hidden=\"true\" class=\"wp-block-spacer\"><\/div>\n\n\n\n<h5 class=\"wp-block-heading\">Am\u00e9lie Lebeau <\/h5>\n\n\n\n<p><strong><strong><strong>#2<\/strong>38&nbsp;|<\/strong><\/strong> alebeau@trajetoja.org<\/p>\n\n\n\n<p>\ud83d\udd7f <strong><strong><strong>438 520-5210<\/strong><\/strong><\/strong><\/p>\n<\/div>\n\n\n\n<div class=\"wp-block-group is-layout-constrained\">\n<div style=\"height:29px\" aria-hidden=\"true\" class=\"wp-block-spacer\"><\/div>\n\n\n\n<h5 class=\"wp-block-heading\">\u00c9milie Ranger <\/h5>\n\n\n\n<p><strong><strong><strong>#2<\/strong>34&nbsp;|<\/strong> <\/strong>eranger@trajetoja.org<\/p>\n\n\n\n<p>\ud83d\udd7f <strong><strong><strong>438 522-2433<\/strong><\/strong><\/strong><\/p>\n<\/div>\n\n\n\n<div class=\"wp-block-group is-layout-constrained\">\n<div style=\"height:29px\" aria-hidden=\"true\" class=\"wp-block-spacer\"><\/div>\n\n\n\n<h5 class=\"wp-block-heading\">Baptiste Brun<\/h5>\n\n\n\n<p><strong><strong><strong>#257<\/strong> | <\/strong><\/strong>bbrun@trajetoja.org<\/p>\n<\/div>\n\n\n\n<p>\ud83d\udd7f <strong><strong><strong>438 378-8316<\/strong><\/strong><\/strong><\/p>\n\n\n\n<div style=\"height:13px\" aria-hidden=\"true\" class=\"wp-block-spacer\"><\/div>\n\n\n\n<p><\/p>\n\n\n\n<h5 class=\"wp-block-heading\">Marie-\u00c8ve St-Hilaire <\/h5>\n\n\n\n<p><strong><strong> <\/strong><\/strong>mest-hilaire@trajetoja.org<\/p>\n\n\n\n<p>\ud83d\udd7f <strong><strong><strong>438 820-8271<\/strong><\/strong><\/strong><\/p>\n\n\n\n<div style=\"height:13px\" aria-hidden=\"true\" class=\"wp-block-spacer\"><\/div>\n\n\n\n<div class=\"wp-block-group is-layout-constrained\">\n<div style=\"height:14px\" aria-hidden=\"true\" class=\"wp-block-spacer\"><\/div>\n\n\n\n<h5 class=\"wp-block-heading\">Cannelle Lebon <\/h5>\n\n\n\n<p>clebon@trajetoja.org<\/p>\n\n\n\n<p>\ud83d\udd7f <strong><strong><strong>438 820-6573<\/strong><\/strong><\/strong><\/p>\n\n\n\n<p><\/p>\n<\/div>\n<\/div>\n\n\n\n<div class=\"wp-block-column is-layout-flow\">\n<h4 class=\"wp-block-heading has-cyan-bluish-gray-color has-text-color\">Northwest Sector<\/h4>\n\n\n\n<h4 class=\"wp-block-heading has-primary-color has-text-color\"><strong>Youth Alternative Justice workers<\/strong><\/h4>\n\n\n\n<div class=\"wp-block-group is-layout-constrained\">\n<div style=\"height:16px\" aria-hidden=\"true\" class=\"wp-block-spacer\"><\/div>\n<\/div>\n\n\n\n<div class=\"wp-block-group is-layout-constrained\">\n<div style=\"height:13px\" aria-hidden=\"true\" class=\"wp-block-spacer\"><\/div>\n\n\n\n<h5 class=\"wp-block-heading\">Lena Agobian<\/h5>\n\n\n\n<p><strong><strong><strong>#236<\/strong>&nbsp;| <\/strong><\/strong>lagobian@trajetoja.org<\/p>\n\n\n\n<p>\ud83d\udd7f <strong><strong><strong>438 377-1744<\/strong><\/strong><\/strong><\/p>\n<\/div>\n\n\n\n<div class=\"wp-block-group is-layout-constrained\">\n<div style=\"height:0px\" aria-hidden=\"true\" class=\"wp-block-spacer\"><\/div>\n\n\n\n<div style=\"height:29px\" aria-hidden=\"true\" class=\"wp-block-spacer\"><\/div>\n\n\n\n<h5 class=\"wp-block-heading\">Patrice Sansregret<\/h5>\n\n\n\n<p><strong><strong><strong>#2<\/strong>31&nbsp;|<\/strong><\/strong> psansregret@trajetoja.org<\/p>\n\n\n\n<p>\ud83d\udd7f <strong><strong><strong>438 501-0386<\/strong><\/strong><\/strong><\/p>\n<\/div>\n\n\n\n<div class=\"wp-block-group is-layout-constrained\">\n<div style=\"height:29px\" aria-hidden=\"true\" class=\"wp-block-spacer\"><\/div>\n\n\n\n<h5 class=\"wp-block-heading\">Milica Telebak<\/h5>\n\n\n\n<p><strong><strong><strong><strong>#2<\/strong>47 |<\/strong><\/strong> <\/strong>mtelebak@trajetoja.org<\/p>\n\n\n\n<p>\ud83d\udd7f <strong><strong><strong>438 501-0382<\/strong><\/strong><\/strong><\/p>\n<\/div>\n\n\n\n<div style=\"height:19px\" aria-hidden=\"true\" class=\"wp-block-spacer\"><\/div>\n\n\n\n<h5 class=\"wp-block-heading\">Laurence Giraldeau<\/h5>\n\n\n\n<p><strong><strong><strong><strong>#2<\/strong>33 |<\/strong><\/strong> <\/strong>lgiraldeau@trajetoja.org <\/p>\n\n\n\n<p>\ud83d\udd7f <strong><strong><strong>438 378-6299<\/strong><\/strong><\/strong><\/p>\n\n\n\n<div style=\"height:22px\" aria-hidden=\"true\" class=\"wp-block-spacer\"><\/div>\n\n\n\n<h5 class=\"wp-block-heading\">Angelina Bertrand<\/h5>\n\n\n\n<p><strong><strong><strong><strong>#2<\/strong>24 |<\/strong><\/strong> <\/strong>abertrand@trajetoja.org <\/p>\n\n\n\n<p>\ud83d\udd7f <strong><strong><strong>438 522-2436<\/strong><\/strong><\/strong><\/p>\n\n\n\n<div style=\"height:22px\" aria-hidden=\"true\" class=\"wp-block-spacer\"><\/div>\n\n\n\n<h5 class=\"wp-block-heading\">Sarah Faudemer <\/h5>\n\n\n\n<p><strong><strong><strong><strong>#2<\/strong>26 |<\/strong><\/strong> <\/strong>sfaudemer@trajetoja.org <\/p>\n\n\n\n<p>\ud83d\udd7f <strong><strong><strong>438 392-7527<\/strong><\/strong><\/strong><\/p>\n\n\n\n<div style=\"height:22px\" aria-hidden=\"true\" class=\"wp-block-spacer\"><\/div>\n\n\n\n<div style=\"height:22px\" aria-hidden=\"true\" class=\"wp-block-spacer\"><\/div>\n\n\n\n<h4 class=\"wp-block-heading has-primary-color has-text-color\"><strong>West Island<\/strong><\/h4>\n\n\n\n<p><\/p>\n\n\n\n<h5 class=\"wp-block-heading\">Rebecca Therrien<\/h5>\n\n\n\n<p><strong><strong><strong><strong>#2<\/strong>30 |<\/strong><\/strong> <\/strong>rtherrien@trajetoja.org <\/p>\n\n\n\n<p>\ud83d\udd7f <strong><strong><strong>514 506-3007<\/strong><\/strong><\/strong><\/p>\n\n\n\n<div style=\"height:22px\" aria-hidden=\"true\" class=\"wp-block-spacer\"><\/div>\n\n\n\n<h5 class=\"wp-block-heading\">Melissa Penny <\/h5>\n\n\n\n<p><strong><strong><strong> <\/strong><\/strong><\/strong>mpenny@trajetoja.org<\/p>\n\n\n\n<p>\ud83d\udd7f <strong><strong><strong>438 820-6721<\/strong><\/strong><\/strong><\/p>\n\n\n\n<p><\/p>\n\n\n\n<div style=\"height:22px\" aria-hidden=\"true\" class=\"wp-block-spacer\"><\/div>\n\n\n\n<p><\/p>\n\n\n\n<h4 class=\"wp-block-heading has-primary-color has-text-color\"><strong>Team Supervisor<\/strong> <\/h4>\n\n\n\n<div style=\"height:16px\" aria-hidden=\"true\" class=\"wp-block-spacer\"><\/div>\n\n\n\n<h5 class=\"wp-block-heading\">V\u00e9ronique H\u00e9bert<\/h5>\n\n\n\n<p><strong><strong><strong><strong>#228<\/strong>&nbsp;| <\/strong><\/strong><\/strong>vhebert@trajetoja.org<\/p>\n\n\n\n<p>\ud83d\udd7f <strong><strong><strong>438 522-2434<\/strong><\/strong><\/strong><\/p>\n\n\n\n<div style=\"height:12px\" aria-hidden=\"true\" class=\"wp-block-spacer\"><\/div>\n\n\n\n<div style=\"height:12px\" aria-hidden=\"true\" class=\"wp-block-spacer\"><\/div>\n<\/div>\n\n\n\n<div class=\"wp-block-column is-layout-flow\">\n<h4 class=\"wp-block-heading has-primary-color has-text-color\"><strong>Mediators<\/strong><\/h4>\n\n\n\n<div class=\"wp-block-group is-layout-constrained\">\n<div style=\"height:29px\" aria-hidden=\"true\" class=\"wp-block-spacer\"><\/div>\n\n\n\n<h5 class=\"wp-block-heading\">Beno\u00eet Gauthier<\/h5>\n\n\n\n<p><strong><strong><strong>#242<\/strong>&nbsp;| <\/strong><\/strong>bgauthier@trajetoja.org<\/p>\n\n\n\n<p>\ud83d\udd7f <strong><strong><strong>438 522-2435<\/strong><\/strong><\/strong><\/p>\n<\/div>\n\n\n\n<div class=\"wp-block-group is-layout-constrained\">\n<div style=\"height:29px\" aria-hidden=\"true\" class=\"wp-block-spacer\"><\/div>\n\n\n\n<h5 class=\"wp-block-heading\">Julie Pouliot<\/h5>\n\n\n\n<p><strong><strong><strong><strong>#241<\/strong>&nbsp;| <\/strong><\/strong><\/strong>jpouliot@trajetoja.org<\/p>\n\n\n\n<p>\ud83d\udd7f <strong><strong><strong>438 501-0383<\/strong><\/strong><\/strong><\/p>\n<\/div>\n\n\n\n<div style=\"height:18px\" aria-hidden=\"true\" class=\"wp-block-spacer\"><\/div>\n\n\n\n<div style=\"height:17px\" aria-hidden=\"true\" class=\"wp-block-spacer\"><\/div>\n\n\n\n<h5 class=\"wp-block-heading\">Carla Chiesa<strong><mark style=\"background-color:rgba(0, 0, 0, 0)\" class=\"has-inline-color has-primary-color\">(West Island)<\/mark><\/strong><\/h5>\n\n\n\n<p><strong><strong><strong>#232<\/strong>&nbsp;|<\/strong><\/strong> cchiesa@trajetoja.org<\/p>\n\n\n\n<p>\ud83d\udd7f <strong><strong><strong>438 501-0381<\/strong><\/strong><\/strong><\/p>\n\n\n\n<div style=\"height:18px\" aria-hidden=\"true\" class=\"wp-block-spacer\"><\/div>\n\n\n\n<h4 class=\"wp-block-heading\">Claire Fauconnier <\/h4>\n\n\n\n<p><strong><strong><strong>#227<\/strong>&nbsp;|<\/strong><\/strong> cfauconnier@trajetoja.org<\/p>\n\n\n\n<p>\ud83d\udd7f <strong><strong><strong>438 377-1773<\/strong><\/strong><\/strong><\/p>\n\n\n\n<div style=\"height:18px\" aria-hidden=\"true\" class=\"wp-block-spacer\"><\/div>\n\n\n\n<p><\/p>\n\n\n\n<p><\/p>\n\n\n\n<h4 class=\"wp-block-heading has-primary-color has-text-color\"><strong>Professional Staff<\/strong><\/h4>\n\n\n\n<div class=\"wp-block-group is-layout-constrained\">\n<div style=\"height:29px\" aria-hidden=\"true\" class=\"wp-block-spacer\"><\/div>\n\n\n\n<h5 class=\"wp-block-heading\">Nadia Gobrane<\/h5>\n\n\n\n<p>Administrative officer<\/p>\n\n\n\n<p><strong><strong><strong>#229&nbsp;<\/strong>| <\/strong><\/strong>ngobrane@trajetoja.org<\/p>\n<\/div>\n\n\n\n<div class=\"wp-block-group is-layout-constrained\">\n<div style=\"height:29px\" aria-hidden=\"true\" class=\"wp-block-spacer\"><\/div>\n\n\n\n<h5 class=\"wp-block-heading\">Johanne Duplessy<\/h5>\n\n\n\n<p>Receptionist Secretary<\/p>\n\n\n\n<p><strong><strong><strong><strong>#221<\/strong>&nbsp;| <\/strong><\/strong><\/strong>secretariat@trajetoja.org<\/p>\n<\/div>\n\n\n\n<div class=\"wp-block-group is-layout-constrained\">\n<div style=\"height:29px\" aria-hidden=\"true\" class=\"wp-block-spacer\"><\/div>\n\n\n\n<h5 class=\"wp-block-heading\">Yvon Pr\u00e9vost, Accountant<\/h5>\n\n\n\n<p><strong><strong><strong><strong><strong>#240<\/strong>&nbsp;| <\/strong><\/strong><\/strong><\/strong>yprevost@trajetoja.org<\/p>\n<\/div>\n\n\n\n<div style=\"height:47px\" aria-hidden=\"true\" class=\"wp-block-spacer\"><\/div>\n\n\n\n<h4 class=\"wp-block-heading has-primary-color has-text-color\">General Manager<\/h4>\n\n\n\n<div class=\"wp-block-group is-layout-constrained\">\n<div style=\"height:29px\" aria-hidden=\"true\" class=\"wp-block-spacer\"><\/div>\n\n\n\n<h5 class=\"wp-block-heading\">Christian Favreau<\/h5>\n\n\n\n<p>General Manager<\/p>\n\n\n\n<p><strong><strong><strong><strong><strong><strong>#223<\/strong>&nbsp;| <\/strong><\/strong><\/strong><\/strong><\/strong>cfavreau@trajetoja.org<\/p>\n\n\n\n<p>\ud83d\udd7f <strong><strong><strong>438 522-2432<\/strong><\/strong><\/strong><\/p>\n<\/div>\n<\/div>\n<\/div>\n","protected":false},"excerpt":{"rendered":"<p>CONTACT INFORMATION 3566, B\u00e9langer street Montr\u00e9al (Qu\u00e9bec) H1X 1A7 6600, Transcanadienne, Suite 206 Pointe-Claire (Qu\u00e9bec) H9R 4S2 Telephone : (514) 521-2000 Fax : (514) 521-1166 Email : info@trajetoja.org Southeast Sector Youth Alternative Justice workers Am\u00e9lie Lebeau #238&nbsp;| alebeau@trajetoja.org \ud83d\udd7f 438 520-5210 \u00c9milie Ranger #234&nbsp;| eranger@trajetoja.org \ud83d\udd7f 438 522-2433 Baptiste Brun #257 | bbrun@trajetoja.org \ud83d\udd7f 438 [&hellip;]<\/p>\n","protected":false},"author":1,"featured_media":0,"parent":0,"menu_order":0,"comment_status":"closed","ping_status":"closed","template":"","meta":[],"acf":[],"yoast_head":"<!-- This site is optimized with the Yoast SEO plugin v21.7 - https:\/\/yoast.com\/wordpress\/plugins\/seo\/ -->\n<title>Contact us - TrajetOJA<\/title>\n<meta name=\"robots\" content=\"index, follow, max-snippet:-1, max-image-preview:large, max-video-preview:-1\" \/>\n<link rel=\"canonical\" href=\"https:\/\/trajetoja.org\/en\/contact-us\/\" \/>\n<meta property=\"og:locale\" content=\"en_US\" \/>\n<meta property=\"og:type\" content=\"article\" \/>\n<meta property=\"og:title\" content=\"Contact us - TrajetOJA\" \/>\n<meta property=\"og:description\" content=\"CONTACT INFORMATION 3566, B\u00e9langer street Montr\u00e9al (Qu\u00e9bec) H1X 1A7 6600, Transcanadienne, Suite 206 Pointe-Claire (Qu\u00e9bec) H9R 4S2 Telephone : (514) 521-2000 Fax : (514) 521-1166 Email : info@trajetoja.org Southeast Sector Youth Alternative Justice workers Am\u00e9lie Lebeau #238&nbsp;| alebeau@trajetoja.org \ud83d\udd7f 438 520-5210 \u00c9milie Ranger #234&nbsp;| eranger@trajetoja.org \ud83d\udd7f 438 522-2433 Baptiste Brun #257 | bbrun@trajetoja.org \ud83d\udd7f 438 [&hellip;]\" \/>\n<meta property=\"og:url\" content=\"https:\/\/trajetoja.org\/en\/contact-us\/\" \/>\n<meta property=\"og:site_name\" content=\"TrajetOJA\" \/>\n<meta property=\"article:modified_time\" content=\"2026-03-25T15:30:17+00:00\" \/>\n<meta name=\"twitter:card\" content=\"summary_large_image\" \/>\n<script type=\"application\/ld+json\" class=\"yoast-schema-graph\">{\"@context\":\"https:\/\/schema.org\",\"@graph\":[{\"@type\":\"WebPage\",\"@id\":\"https:\/\/trajetoja.org\/en\/contact-us\/\",\"url\":\"https:\/\/trajetoja.org\/en\/contact-us\/\",\"name\":\"Contact us - TrajetOJA\",\"isPartOf\":{\"@id\":\"https:\/\/trajetoja.org\/en\/#website\"},\"datePublished\":\"2023-06-19T19:52:35+00:00\",\"dateModified\":\"2026-03-25T15:30:17+00:00\",\"breadcrumb\":{\"@id\":\"https:\/\/trajetoja.org\/en\/contact-us\/#breadcrumb\"},\"inLanguage\":\"en-US\",\"potentialAction\":[{\"@type\":\"ReadAction\",\"target\":[\"https:\/\/trajetoja.org\/en\/contact-us\/\"]}]},{\"@type\":\"BreadcrumbList\",\"@id\":\"https:\/\/trajetoja.org\/en\/contact-us\/#breadcrumb\",\"itemListElement\":[{\"@type\":\"ListItem\",\"position\":1,\"name\":\"Accueil\",\"item\":\"https:\/\/trajetoja.org\/en\/\"},{\"@type\":\"ListItem\",\"position\":2,\"name\":\"Contact us\"}]},{\"@type\":\"WebSite\",\"@id\":\"https:\/\/trajetoja.org\/en\/#website\",\"url\":\"https:\/\/trajetoja.org\/en\/\",\"name\":\"TrajetOJA\",\"description\":\"LSJPA\",\"publisher\":{\"@id\":\"https:\/\/trajetoja.org\/en\/#organization\"},\"potentialAction\":[{\"@type\":\"SearchAction\",\"target\":{\"@type\":\"EntryPoint\",\"urlTemplate\":\"https:\/\/trajetoja.org\/en\/?s={search_term_string}\"},\"query-input\":\"required name=search_term_string\"}],\"inLanguage\":\"en-US\"},{\"@type\":\"Organization\",\"@id\":\"https:\/\/trajetoja.org\/en\/#organization\",\"name\":\"TrajetOJA\",\"url\":\"https:\/\/trajetoja.org\/en\/\",\"logo\":{\"@type\":\"ImageObject\",\"inLanguage\":\"en-US\",\"@id\":\"https:\/\/trajetoja.org\/en\/#\/schema\/logo\/image\/\",\"url\":\"https:\/\/trajetoja.org\/wp-content\/uploads\/2023\/06\/cropped-Logo-Trajet-2010-en-tete.png\",\"contentUrl\":\"https:\/\/trajetoja.org\/wp-content\/uploads\/2023\/06\/cropped-Logo-Trajet-2010-en-tete.png\",\"width\":116,\"height\":116,\"caption\":\"TrajetOJA\"},\"image\":{\"@id\":\"https:\/\/trajetoja.org\/en\/#\/schema\/logo\/image\/\"}}]}<\/script>\n<!-- \/ Yoast SEO plugin. -->","yoast_head_json":{"title":"Contact us - TrajetOJA","robots":{"index":"index","follow":"follow","max-snippet":"max-snippet:-1","max-image-preview":"max-image-preview:large","max-video-preview":"max-video-preview:-1"},"canonical":"https:\/\/trajetoja.org\/en\/contact-us\/","og_locale":"en_US","og_type":"article","og_title":"Contact us - TrajetOJA","og_description":"CONTACT INFORMATION 3566, B\u00e9langer street Montr\u00e9al (Qu\u00e9bec) H1X 1A7 6600, Transcanadienne, Suite 206 Pointe-Claire (Qu\u00e9bec) H9R 4S2 Telephone : (514) 521-2000 Fax : (514) 521-1166 Email : info@trajetoja.org Southeast Sector Youth Alternative Justice workers Am\u00e9lie Lebeau #238&nbsp;| alebeau@trajetoja.org \ud83d\udd7f 438 520-5210 \u00c9milie Ranger #234&nbsp;| eranger@trajetoja.org \ud83d\udd7f 438 522-2433 Baptiste Brun #257 | bbrun@trajetoja.org \ud83d\udd7f 438 [&hellip;]","og_url":"https:\/\/trajetoja.org\/en\/contact-us\/","og_site_name":"TrajetOJA","article_modified_time":"2026-03-25T15:30:17+00:00","twitter_card":"summary_large_image","schema":{"@context":"https:\/\/schema.org","@graph":[{"@type":"WebPage","@id":"https:\/\/trajetoja.org\/en\/contact-us\/","url":"https:\/\/trajetoja.org\/en\/contact-us\/","name":"Contact us - TrajetOJA","isPartOf":{"@id":"https:\/\/trajetoja.org\/en\/#website"},"datePublished":"2023-06-19T19:52:35+00:00","dateModified":"2026-03-25T15:30:17+00:00","breadcrumb":{"@id":"https:\/\/trajetoja.org\/en\/contact-us\/#breadcrumb"},"inLanguage":"en-US","potentialAction":[{"@type":"ReadAction","target":["https:\/\/trajetoja.org\/en\/contact-us\/"]}]},{"@type":"BreadcrumbList","@id":"https:\/\/trajetoja.org\/en\/contact-us\/#breadcrumb","itemListElement":[{"@type":"ListItem","position":1,"name":"Accueil","item":"https:\/\/trajetoja.org\/en\/"},{"@type":"ListItem","position":2,"name":"Contact us"}]},{"@type":"WebSite","@id":"https:\/\/trajetoja.org\/en\/#website","url":"https:\/\/trajetoja.org\/en\/","name":"TrajetOJA","description":"LSJPA","publisher":{"@id":"https:\/\/trajetoja.org\/en\/#organization"},"potentialAction":[{"@type":"SearchAction","target":{"@type":"EntryPoint","urlTemplate":"https:\/\/trajetoja.org\/en\/?s={search_term_string}"},"query-input":"required name=search_term_string"}],"inLanguage":"en-US"},{"@type":"Organization","@id":"https:\/\/trajetoja.org\/en\/#organization","name":"TrajetOJA","url":"https:\/\/trajetoja.org\/en\/","logo":{"@type":"ImageObject","inLanguage":"en-US","@id":"https:\/\/trajetoja.org\/en\/#\/schema\/logo\/image\/","url":"https:\/\/trajetoja.org\/wp-content\/uploads\/2023\/06\/cropped-Logo-Trajet-2010-en-tete.png","contentUrl":"https:\/\/trajetoja.org\/wp-content\/uploads\/2023\/06\/cropped-Logo-Trajet-2010-en-tete.png","width":116,"height":116,"caption":"TrajetOJA"},"image":{"@id":"https:\/\/trajetoja.org\/en\/#\/schema\/logo\/image\/"}}]}},"_links":{"self":[{"href":"https:\/\/trajetoja.org\/en\/wp-json\/wp\/v2\/pages\/1432"}],"collection":[{"href":"https:\/\/trajetoja.org\/en\/wp-json\/wp\/v2\/pages"}],"about":[{"href":"https:\/\/trajetoja.org\/en\/wp-json\/wp\/v2\/types\/page"}],"author":[{"embeddable":true,"href":"https:\/\/trajetoja.org\/en\/wp-json\/wp\/v2\/users\/1"}],"replies":[{"embeddable":true,"href":"https:\/\/trajetoja.org\/en\/wp-json\/wp\/v2\/comments?post=1432"}],"version-history":[{"count":23,"href":"https:\/\/trajetoja.org\/en\/wp-json\/wp\/v2\/pages\/1432\/revisions"}],"predecessor-version":[{"id":2082,"href":"https:\/\/trajetoja.org\/en\/wp-json\/wp\/v2\/pages\/1432\/revisions\/2082"}],"wp:attachment":[{"href":"https:\/\/trajetoja.org\/en\/wp-json\/wp\/v2\/media?parent=1432"}],"curies":[{"name":"wp","href":"https:\/\/api.w.org\/{rel}","templated":true}]}}